{"id":2611,"date":"2022-11-01T12:02:22","date_gmt":"2022-11-01T11:02:22","guid":{"rendered":"https:\/\/auto-mesecke.de\/wpress\/?page_id=2611"},"modified":"2022-11-01T12:02:22","modified_gmt":"2022-11-01T11:02:22","slug":"aenderungen-2014","status":"publish","type":"page","link":"https:\/\/auto-mesecke.de\/wpress\/aenderungen-2014\/","title":{"rendered":"\u00c4nderungen 2014"},"content":{"rendered":"<div class=\"fusion-fullwidth fullwidth-box fusion-builder-row-1 fusion-flex-container has-pattern-background has-mask-background nonhundred-percent-fullwidth non-hundred-percent-height-scrolling\" style=\"--awb-border-radius-top-left:0px;--awb-border-radius-top-right:0px;--awb-border-radius-bottom-right:0px;--awb-border-radius-bottom-left:0px;--awb-flex-wrap:wrap;\" ><div class=\"fusion-builder-row fusion-row fusion-flex-align-items-flex-start fusion-flex-content-wrap\" style=\"max-width:1248px;margin-left: calc(-4% \/ 2 );margin-right: calc(-4% \/ 2 );\"><div class=\"fusion-layout-column fusion_builder_column fusion-builder-column-0 fusion_builder_column_1_1 1_1 fusion-flex-column\" style=\"--awb-bg-size:cover;--awb-width-large:100%;--awb-margin-top-large:0px;--awb-spacing-right-large:1.92%;--awb-margin-bottom-large:20px;--awb-spacing-left-large:1.92%;--awb-width-medium:100%;--awb-order-medium:0;--awb-spacing-right-medium:1.92%;--awb-spacing-left-medium:1.92%;--awb-width-small:100%;--awb-order-small:0;--awb-spacing-right-small:1.92%;--awb-spacing-left-small:1.92%;\"><div class=\"fusion-column-wrapper fusion-column-has-shadow fusion-flex-justify-content-flex-start fusion-content-layout-column\"><div class=\"fusion-text fusion-text-1\"><p><strong>Punktereform und Warnwestenpflicht!<br \/>\nDas \u00e4ndert sich 2014 f\u00fcr Autofahrer<\/strong><\/p>\n<p><strong>Auch im neuen Jahr m\u00fcssen sich Autofahrer auf diverse Neuerungen einstellen.<br \/>\nHier f\u00fcr Sie die wichtigsten \u00c4nderungen f\u00fcr 2014 zusammengefasst:<\/strong><\/p>\n<p><strong>1. Januar 2014: Sch\u00e4rferer CO<sub>2<\/sub>-Grenzwert f\u00fcr Neuwagen<\/strong><br \/>\nMit dem Jahreswechsel erh\u00f6ht die Bundesregierung die Kfz-Steuer. Die steuerfreie Basismenge sind f\u00fcr Pkw, die seit dem 1. Juli 2009 neu zugelassen wurden, 95 Gramm je Kilometer (bisher 110 g\/km). Jedes Gramm \u00fcber dem Grenzwert erh\u00f6ht die Steuerbelastung um zwei Euro.<\/p>\n<p><strong>1. April 2014: Theorie-Pr\u00fcfung jetzt mit Bewegbildern<\/strong><br \/>\nDie theoretische F\u00fchrerschein-Pr\u00fcfung geht mit der Zeit. Statt allein mit Standbildern m\u00fcssen sich die Pr\u00fcflinge jetzt mit dynamische Filmsequenzen auseinandersetzen. Das soll eine realistischere Verkehrsdarstellung erm\u00f6glichen.<\/p>\n<p><strong>1. Mai 2014: Punktereform in Flensburg tritt in Kraft<\/strong><br \/>\nNach mehrfachem Verschieben, steht jetzt der Termin fest. Zentrale Neuerung:\u00a0<strong>Statt einen bis sieben Punkte soll es je nach Schwere des Vergehens nur noch einen, zwei oder drei Punkte geben. <span style=\"color: #ff0000;\">Das neue Punkte-System (Link)<\/span><\/strong><\/p>\n<p><strong>1. Mai 2014: H\u00f6here Bu\u00dfgelder<\/strong><br \/>\nIm Zusammenhang mit der Punktereform steigen auch die Bu\u00dfgelder um durchschnittlich 20 Euro.<\/p>\n<p><strong>Mit 60 statt 40 Euro zur Kassen gebeten werden dann etwa Autofahrer, die am Steuer das Handy in der Hand haben, im Tunnel verbotenerweise wenden oder gegen die Winterreifenpflicht versto\u00dfen. Wer dem Haltezeichen eines Polizisten nicht folgt, soll 70 statt 50 Euro zahlen.<\/strong><\/p>\n<p>Noch extremer ist der Zuschlag f\u00fcr Autofahrer, die ohne erforderliche Plakette in die Umweltzone einfahren: Sie sollen k\u00fcnftig 80 statt 40 Euro zahlen. Im Gegenzug gibt&#8217;s daf\u00fcr keine Punkte in Flensburg mehr.<\/p>\n<p><strong>1. Juli 2014: Warnweste wird Pflicht<\/strong><br \/>\nAuch bei uns muss dann in jedem Fahrzeug eine entsprechende Weste (Europ\u00e4ische Norm EN 471) vorhanden sein. Diese Vorschrift gilt f\u00fcr alle in Deutschland zugelassenen Pkw, Lkw und Busse.<\/p>\n<p><strong>22. Oktober 2014: ESP in allen neu zugelassenen PKW<\/strong><br \/>\nAb diesem Datum m\u00fcssen alle neuen PKW ab Werk mit dem Fahrstablit\u00e4tsprogramm (ESP) ausger\u00fcstet sein.<\/p>\n<p><strong>November 2014: Luftdruck-Kontrollsysteme als Standard<\/strong><br \/>\nNun sollen in allen Neufahrzeugen Luftdruck-Kontrollsysteme an Bord sein.<\/p>\n<\/div><\/div><\/div><\/div><\/div>\n","protected":false},"excerpt":{"rendered":"","protected":false},"author":1,"featured_media":0,"parent":0,"menu_order":0,"comment_status":"closed","ping_status":"closed","template":"","meta":{"footnotes":""},"class_list":["post-2611","page","type-page","status-publish","hentry"],"jetpack_sharing_enabled":true,"_links":{"self":[{"href":"https:\/\/auto-mesecke.de\/wpress\/wp-json\/wp\/v2\/pages\/2611","targetHints":{"allow":["GET"]}}],"collection":[{"href":"https:\/\/auto-mesecke.de\/wpress\/wp-json\/wp\/v2\/pages"}],"about":[{"href":"https:\/\/auto-mesecke.de\/wpress\/wp-json\/wp\/v2\/types\/page"}],"author":[{"embeddable":true,"href":"https:\/\/auto-mesecke.de\/wpress\/wp-json\/wp\/v2\/users\/1"}],"replies":[{"embeddable":true,"href":"https:\/\/auto-mesecke.de\/wpress\/wp-json\/wp\/v2\/comments?post=2611"}],"version-history":[{"count":2,"href":"https:\/\/auto-mesecke.de\/wpress\/wp-json\/wp\/v2\/pages\/2611\/revisions"}],"predecessor-version":[{"id":2613,"href":"https:\/\/auto-mesecke.de\/wpress\/wp-json\/wp\/v2\/pages\/2611\/revisions\/2613"}],"wp:attachment":[{"href":"https:\/\/auto-mesecke.de\/wpress\/wp-json\/wp\/v2\/media?parent=2611"}],"curies":[{"name":"wp","href":"https:\/\/api.w.org\/{rel}","templated":true}]}}