{"id":2601,"date":"2022-11-01T11:45:07","date_gmt":"2022-11-01T10:45:07","guid":{"rendered":"https:\/\/auto-mesecke.de\/wpress\/?page_id=2601"},"modified":"2022-11-01T11:45:07","modified_gmt":"2022-11-01T10:45:07","slug":"aenderungen-2015","status":"publish","type":"page","link":"https:\/\/auto-mesecke.de\/wpress\/aenderungen-2015\/","title":{"rendered":"\u00c4nderungen 2015"},"content":{"rendered":"<div class=\"fusion-fullwidth fullwidth-box fusion-builder-row-1 fusion-flex-container has-pattern-background has-mask-background nonhundred-percent-fullwidth non-hundred-percent-height-scrolling\" style=\"--awb-border-radius-top-left:0px;--awb-border-radius-top-right:0px;--awb-border-radius-bottom-right:0px;--awb-border-radius-bottom-left:0px;--awb-flex-wrap:wrap;\" ><div class=\"fusion-builder-row fusion-row fusion-flex-align-items-flex-start fusion-flex-content-wrap\" style=\"max-width:1248px;margin-left: calc(-4% \/ 2 );margin-right: calc(-4% \/ 2 );\"><div class=\"fusion-layout-column fusion_builder_column fusion-builder-column-0 fusion_builder_column_1_1 1_1 fusion-flex-column\" style=\"--awb-bg-size:cover;--awb-width-large:100%;--awb-margin-top-large:0px;--awb-spacing-right-large:1.92%;--awb-margin-bottom-large:20px;--awb-spacing-left-large:1.92%;--awb-width-medium:100%;--awb-order-medium:0;--awb-spacing-right-medium:1.92%;--awb-spacing-left-medium:1.92%;--awb-width-small:100%;--awb-order-small:0;--awb-spacing-right-small:1.92%;--awb-spacing-left-small:1.92%;\"><div class=\"fusion-column-wrapper fusion-column-has-shadow fusion-flex-justify-content-flex-start fusion-content-layout-column\"><div class=\"fusion-text fusion-text-1\"><p><strong>Neuigkeiten f\u00fcr Autofahrer:<\/strong><\/p>\n<p><strong>Das kommt 2015<\/strong><\/p>\n<p><strong>Jahresr\u00fcckblicke gibt es derzeit schon reichlich, wir schauen aber nach vorn: In diesem Artikel finden Sie alles, was sich beim Thema Auto und Stra\u00dfenverkehr im n\u00e4chsten Jahr \u00e4ndert. Wir halten unsere Kunden gerne auf dem Laufenden.<\/strong><\/p>\n<p>Das n\u00e4chste Jahr bringt viele Umw\u00e4lzungen: Auch wenn die hei\u00df umstrittene PKW-Maut\u00a0<u>noch<\/u>\u00a0nicht dabei sein wird, kommen 2015 viele \u00c4nderungen auf uns zu. Manches wird leichter, manches schwerer und sicher kann man auch \u00fcber manches den Kopf sch\u00fctteln&#8230;<\/p>\n<p>Wir sind mit unserem Service das ganze Jahr f\u00fcr Sie da \u2013 und wir denken bereits in die Zukunft. Eine kleine \u00dcbersicht soll Ihnen zeigen, was 2015 auf Sie als Autofahrer zukommt. Und auch wenn etwas Unvorhergesehenes passiert: Auch 2015 helfen wir Ihnen mit Rat und Tat bei allen Fragen rund um Ihr Fahrzeug.<\/p>\n<p>Einen guten Rutsch w\u00fcnscht Ihnen Ihr Team von<\/p>\n<p><strong><em>Auto Service und Fahrzeughandel Mesecke<\/em><\/strong><\/p>\n<p><u><strong>Neues bei der Kfz-Anmeldung in 2015<\/strong><\/u><\/p>\n<p>Ab dem\u00a0<strong>1. Januar 2015 ist es m\u00f6glich, das eigene Fahrzeug online abzumelden.<\/strong>\u00a0\u00dcber das\u00a0<a href=\"http:\/\/www.bmvi.de\/SharedDocs\/DE\/Artikel\/LA\/internetbasierte-fahrzeugzulassung.html\" target=\"_blank\" rel=\"noopener\"><span style=\"color: #0066cc;\">Internetportal des Kraftfahrtbundesamtes<\/span><\/a>\u00a0k\u00f6nnen so Wartezeiten im Stra\u00dfenverkehrsamt zumindest f\u00fcr die Abmeldung vermieden werden. F\u00fcr die Anmeldung m\u00fcssen Sie allerdings bis auf weiteres pers\u00f6nlich das Stra\u00dfenverkehrsamt aufsuchen \u2013 die Online-Anmeldem\u00f6glichkeit wird derzeit noch entwickelt.<em>\u00a0<\/em><\/p>\n<p>Sie ziehen um in einen anderen Zulassungsbezirk, m\u00f6chten aber Ihr altes Kennzeichen behalten?\u00a0<strong>Ab dem 01. Januar 2015 ist es m\u00f6glich, sein Kennzeichen bundesweit mitzunehmen.<\/strong> Beim \u00f6rtlichen Stra\u00dfenverkehrsamt, je nach Kommune auch in den Einwohnermelde\u00e4mtern, m\u00fcssen dann nur die Fahrzeugpapiere umgeschrieben werden.<\/p>\n<p>Wer 2015\u00a0<strong>neue Kennzeichen<\/strong>\u00a0bekommt, wird vielleicht bemerken, dass diese jetzt\u00a0<strong>mit verdeckt aufgedruckten QR-Codes versehen werden.\u00a0<\/strong>Der gleiche Code findet sich im Fahrzeugschein. So soll die F\u00e4lschungssicherheit erh\u00f6ht und die Online-Anmeldung, die bald kommen soll, m\u00f6glich gemacht werden.<\/p>\n<p><strong><u>Achtung, neue Regeln f\u00fcr Kurzzeitkennzeichen!<\/u><\/strong><\/p>\n<p><strong>Kurzzeitkennzeichen<\/strong>\u00a0d\u00fcrfen ab dem 1. April 2015 von den Zulassungsbeh\u00f6rden nur noch am Standort des Fahrzeugs ausgegeben werden.\u00a0<strong>Das Fahrzeug muss identifiziert sein und eine g\u00fcltige HU haben, diese muss im Fahrzeugschein eingetragen werden.<\/strong>\u00a0Fahrten ohne HU sollen nur noch zur Zulassungsbeh\u00f6rde oder Untersuchungsstelle bzw. zur Werkstatt m\u00f6glich sein. Wird bei einer Fahrt mit Kurzzeitkennzeichen die Zulassungsbescheinigung Teil 1 nicht mitgef\u00fchrt, drohen 20 Euro Verwarnungsgeld.<\/p>\n<p><u><strong>Neue Verbandsk\u00e4sten werden Pflicht<\/strong><\/u><\/p>\n<p>Sie haben ein \u00e4lteres Auto oder den Verbandskasten aus dem Vorg\u00e4ngerfahrzeug \u00fcbernommen? Dann sollten Sie einmal einen genauen Blick auf das Verfallsdatum werfen: Ist der Verbandskasten abgelaufen, kann dies bei einer Polizeikontrolle als Ordnungswidrigkeit verwarnt werden. Neue Verbandsk\u00e4sten werden ab diesem Jahr nach DIN-Norm 13164 verkauft, die alte Norm ist abgelaufen. Lassen Sie sich also keine Ladenh\u00fcter andrehen.<\/p>\n<p><u><strong>Details im \u00dcberblick:<\/strong><\/u><\/p>\n<p><strong>ab dem 1. Januar 2015<\/strong><\/p>\n<p><strong>Einf\u00fchrung Abgasnorm Euro 6<\/strong><\/p>\n<p>Ab 1. Januar 2015 wird die\u00a0<a href=\"http:\/\/www.iam-net.eu\/cms\/index.php\/de\/technik\/technik-tipps\/745-pkw-abgasnormen-euro-1-bis-euro-6-im-%C3%BCberblick.html\" target=\"_blank\" rel=\"noopener\"><span style=\"color: #0066cc;\">Euro-6-Norm<\/span><\/a>\u00a0f\u00fcr die Zulassung von neuen Diesel-PKW verbindlich. Im Zuge dessen wird ein regelm\u00e4\u00dfiger AdBlue-Service f\u00fcr viele Fahrzeuge n\u00f6tig.<\/p>\n<p><strong>Fahrzeugabmeldung per Internet<\/strong><\/p>\n<p>Nie mehr Zulassungsstelle? Das Warten beim Stra\u00dfenverkehrsamt k\u00f6nnte ein Ende haben. Autofahrer k\u00f6nnen die Abmeldung Ihres Fahrzeugs jetzt auch online abwickeln. \u00dcber das\u00a0<a href=\"http:\/\/www.bmvi.de\/SharedDocs\/DE\/Artikel\/LA\/internetbasierte-fahrzeugzulassung.html\" target=\"_blank\" rel=\"noopener\"><span style=\"color: #0066cc;\">Internetportal des Kraftfahrtbundesamtes<\/span><\/a>\u00a0k\u00f6nnen k\u00fcnftig Abmeldungen vorgenommen werden. Eine Anmeldung von Fahrzeugen ist derzeit noch nicht m\u00f6glich, aber in Vorbereitung.<\/p>\n<p><strong>Mitnahme der Kennzeichen beim Umzug<\/strong><\/p>\n<p>Beim Umzug in einen anderen Zulassungsbezirk kann der Fahrzeughalter sein bisheriges Kennzeichen weiterf\u00fchren \u2013 bundesweit. Kleiner Wermutstropfen: Die regionale Zuordnung des Fahrzeugs anhand des Autokennzeichens wird damit aufgeweicht.<\/p>\n<p><strong>QR-Codes auf dem Nummernschild<\/strong><\/p>\n<p>Bei der Zulassung werden ab dem 1. Januar 2015 verdeckte QR-Codes auf den Nummernschildern aufgedruckt.\u00a0Der gleiche Code findet sich im Fahrzeugschein. So soll die F\u00e4lschungssicherheit erh\u00f6ht und die Online-Anmeldung leichter gemacht werden.<\/p>\n<p><strong>Neue DIN-Vorschrift f\u00fcr Verbandsk\u00e4sten<\/strong><\/p>\n<p>Verbandsk\u00e4sten m\u00fcssen ab Anfang 2015 nach der Norm 13164 ausgestattet sein. Bisherige Verbandsk\u00e4sten k\u00f6nnen jedoch weiterverwendet werden, sofern das Ablaufdatum noch nicht \u00fcberschritten ist.<\/p>\n<p><strong>Neue Typ- und Regionalklassen<\/strong><\/p>\n<p>Die Risikoeinstufung der Fahrzeuge und Zulassungsbezirke wird, wie jedes Jahr, erneut vorgenommen. Dies bedeutet immer auch eine Anpassung der Beitr\u00e4ge an die Kfz-Versicherung.<\/p>\n<p><strong>ab dem 1. April 2015<\/strong><\/p>\n<p><strong>Vergabe von Kurzzeitkennzeichen<\/strong><\/p>\n<p>Kurzzeitkennzeichen d\u00fcrfen von den Zulassungsbeh\u00f6rden nur am Standort des Fahrzeugs ausgegeben werden. Das Fahrzeug muss identifiziert sein und eine g\u00fcltige HU haben, diese muss im Fahrzeugschein eingetragen werden. Fahrten ohne HU sollen nur noch zur Zulassungsbeh\u00f6rde oder Untersuchungsstelle bzw. zur Werkstatt m\u00f6glich sein. Wird bei einer Fahrt mit Kurzzeitkennzeichen die Zulassungsbescheinigung Teil 1 nicht mitgef\u00fchrt, drohen 20 Euro Verwarnungsgeld.<\/p>\n<p><strong>ab dem 1. Juli 2015<\/strong><\/p>\n<p><strong>Ausbau und Vereinheitlichung der LKW-Maut<\/strong><\/p>\n<p>Landstra\u00dfen und Autobahnen kosten ab dem 01. Juli 2015 gleich viel Maut. So soll ein Ausweichen der Schwerlastz\u00fcge auf die Bundesstra\u00dfe verhindert werden. Gleichzeitig werden die Mauts\u00e4tze aber auch nach Schadstoffaussto\u00df gestaffelt und \u00fcberwiegend gesenkt. Weitere 1.100 km Bundesstra\u00dfe werden mautpflichtig, zus\u00e4tzlich m\u00fcssen LKW ab 7,5 Tonnen die Geb\u00fchr entrichten.<\/p>\n<\/div><\/div><\/div><\/div><\/div>\n","protected":false},"excerpt":{"rendered":"","protected":false},"author":1,"featured_media":0,"parent":0,"menu_order":0,"comment_status":"closed","ping_status":"closed","template":"","meta":{"footnotes":""},"class_list":["post-2601","page","type-page","status-publish","hentry"],"jetpack_sharing_enabled":true,"_links":{"self":[{"href":"https:\/\/auto-mesecke.de\/wpress\/wp-json\/wp\/v2\/pages\/2601","targetHints":{"allow":["GET"]}}],"collection":[{"href":"https:\/\/auto-mesecke.de\/wpress\/wp-json\/wp\/v2\/pages"}],"about":[{"href":"https:\/\/auto-mesecke.de\/wpress\/wp-json\/wp\/v2\/types\/page"}],"author":[{"embeddable":true,"href":"https:\/\/auto-mesecke.de\/wpress\/wp-json\/wp\/v2\/users\/1"}],"replies":[{"embeddable":true,"href":"https:\/\/auto-mesecke.de\/wpress\/wp-json\/wp\/v2\/comments?post=2601"}],"version-history":[{"count":2,"href":"https:\/\/auto-mesecke.de\/wpress\/wp-json\/wp\/v2\/pages\/2601\/revisions"}],"predecessor-version":[{"id":2603,"href":"https:\/\/auto-mesecke.de\/wpress\/wp-json\/wp\/v2\/pages\/2601\/revisions\/2603"}],"wp:attachment":[{"href":"https:\/\/auto-mesecke.de\/wpress\/wp-json\/wp\/v2\/media?parent=2601"}],"curies":[{"name":"wp","href":"https:\/\/api.w.org\/{rel}","templated":true}]}}